{"id":31,"date":"2018-10-03T14:47:16","date_gmt":"2018-10-03T14:47:16","guid":{"rendered":"https:\/\/jupiterx.artbees.net\/himalia\/?page_id=31"},"modified":"2023-09-25T11:25:47","modified_gmt":"2023-09-25T08:25:47","slug":"hakkimda","status":"publish","type":"page","link":"https:\/\/selcuksariyar.com\/index.php\/hakkimda\/","title":{"rendered":"Hakk\u0131mda"},"content":{"rendered":"\t\t<div data-elementor-type=\"wp-post\" data-elementor-id=\"31\" class=\"elementor elementor-31\" data-elementor-post-type=\"page\">\n\t\t\t\t\t\t\t\t\t<section class=\"elementor-section elementor-top-section elementor-element elementor-element-42f5dc1 elementor-section-height-min-height elementor-section-content-middle elementor-section-boxed elementor-section-height-default elementor-section-items-middle\" data-id=\"42f5dc1\" data-element_type=\"section\" data-settings=\"{&quot;background_background&quot;:&quot;classic&quot;}\">\n\t\t\t\t\t\t\t<div class=\"elementor-background-overlay\"><\/div>\n\t\t\t\t\t\t\t<div class=\"elementor-container elementor-column-gap-default\">\n\t\t\t\t\t<div class=\"elementor-column elementor-col-100 elementor-top-column elementor-element elementor-element-04ac39e\" data-id=\"04ac39e\" data-element_type=\"column\">\n\t\t\t<div class=\"elementor-widget-wrap elementor-element-populated\">\n\t\t\t\t\t\t\t\t<div class=\"elementor-element elementor-element-968b185 elementor-align-center elementor-widget elementor-widget-raven-heading\" data-id=\"968b185\" data-element_type=\"widget\" data-widget_type=\"raven-heading.default\">\n\t\t\t\t<div class=\"elementor-widget-container\">\n\t\t\t\t\t<div class=\"raven-widget-wrapper\"><h1 class=\"raven-heading raven-heading-h1\"><span class=\"raven-heading-title \">HAKKIMDA<\/span><\/h1><\/div>\n\t\t\t\t<\/div>\n\t\t\t\t<\/div>\n\t\t\t\t\t<\/div>\n\t\t<\/div>\n\t\t\t\t\t\t\t<\/div>\n\t\t<\/section>\n\t\t\t\t<section class=\"elementor-section elementor-top-section elementor-element elementor-element-5ac083a elementor-section-boxed elementor-section-height-default elementor-section-height-default\" data-id=\"5ac083a\" data-element_type=\"section\" data-settings=\"{&quot;background_background&quot;:&quot;classic&quot;}\">\n\t\t\t\t\t\t<div class=\"elementor-container elementor-column-gap-default\">\n\t\t\t\t\t<div class=\"elementor-column elementor-col-100 elementor-top-column elementor-element elementor-element-b3e2fdd\" data-id=\"b3e2fdd\" data-element_type=\"column\">\n\t\t\t<div class=\"elementor-widget-wrap elementor-element-populated\">\n\t\t\t\t\t\t\t\t<div class=\"elementor-element elementor-element-697dcd8 elementor-widget elementor-widget-text-editor\" data-id=\"697dcd8\" data-element_type=\"widget\" data-widget_type=\"text-editor.default\">\n\t\t\t\t<div class=\"elementor-widget-container\">\n\t\t\t<style>\/*! elementor - v3.16.0 - 13-09-2023 *\/\n.elementor-widget-text-editor.elementor-drop-cap-view-stacked .elementor-drop-cap{background-color:#69727d;color:#fff}.elementor-widget-text-editor.elementor-drop-cap-view-framed .elementor-drop-cap{color:#69727d;border:3px solid;background-color:transparent}.elementor-widget-text-editor:not(.elementor-drop-cap-view-default) .elementor-drop-cap{margin-top:8px}.elementor-widget-text-editor:not(.elementor-drop-cap-view-default) .elementor-drop-cap-letter{width:1em;height:1em}.elementor-widget-text-editor .elementor-drop-cap{float:left;text-align:center;line-height:1;font-size:50px}.elementor-widget-text-editor .elementor-drop-cap-letter{display:inline-block}<\/style>\t\t\t\t<p>1984 \u0130stanbul do\u011fumlu olan Sel\u00e7uk SARIYAR ilk\u00f6\u011fretimi Tuzla\u2019da, liseyi Kadir Has Anadolu Lisesi\u2019nde bitirdikten sonra \u0130stanbul \u00dcniversitesi Siyasal Bilgiler Fak\u00fcltesi Kamu Y\u00f6netimi B\u00f6l\u00fcm\u00fc\u2019nden 2006 y\u0131l\u0131nda mezun olmu\u015ftur.<\/p>\n<p>Lisans e\u011fitimi sonras\u0131 bir d\u00f6nem \u0130ngiltere\u2019de e\u011fitim g\u00f6ren Sel\u00e7uk SARIYAR, Yeditepe \u00dcniversitesi Kamu Hukuk Y\u00fcksek Lisans Program\u0131\u2019ndan ve Okan \u00dcniversitesi \u0130\u015fletme Y\u00fcksek Lisans Program\u0131\u2019ndan mezun olmu\u015ftur.<\/p>\n<p>Bir\u00e7ok yerel y\u00f6netim, \u00fcniversite, STK ve \u00f6zel sekt\u00f6r kurulu\u015funa dan\u0131\u015fmanl\u0131k yapan Sel\u00e7uk SARIYAR e\u011fitim dan\u0131\u015fmanl\u0131k alan\u0131nda kurdu\u011fu firmas\u0131yla i\u015f hayat\u0131na devam etmektedir.<br>Bir d\u00f6nem CHP \u0130stanbul Gen\u00e7lik Kollar\u0131 Ba\u015fkanl\u0131\u011f\u0131 g\u00f6revini de yapm\u0131\u015f olan Sel\u00e7uk SARIYAR, 2012 y\u0131l\u0131nda \u2018Gen\u00e7 T\u00fcrk Liderler\u2019 program\u0131na se\u00e7ilmi\u015f ve Avrupa\u2019n\u0131n neredeyse t\u00fcm \u00fclkelerinde gen\u00e7lik ve k\u00fclt\u00fcrel de\u011fi\u015fim projelerinde yer alm\u0131\u015ft\u0131r. Yerel y\u00f6netimler, uluslararas\u0131 ili\u015fkiler alan\u0131nda \u00e7al\u0131\u015fmalar y\u00fcr\u00fctmekle birlikte gen\u00e7lik, k\u00fclt\u00fcrel de\u011fi\u015fim projeleri konusunda uzmand\u0131r.<br>31 Mart 2019 yerel se\u00e7imlerinde \u0130stanbul B\u00fcy\u00fck\u015fehir Belediyesi ve Be\u015fikta\u015f Belediyesi meclis \u00fcyesi se\u00e7ilmi\u015ftir. \u0130stanbul B\u00fcy\u00fck\u015fehir Belediyesi CHP Grup Sekreterli\u011fi&#8217;nin yan\u0131 s\u0131ra \u0130stanbul Bo\u011faz\u0131 Belediyeler Birli\u011fi&#8217;nde divan \u00fcyesi ve d\u0131\u015f ili\u015fkiler komisyon \u00fcyesi g\u00f6revlerinde bulunmu\u015ftur.<\/p>\n<p>Sel\u00e7uk SARIYAR \u00e7ok iyi derecede \u0130ngilizce ve orta seviyede Almanca bilmektedir. Sar\u0131yar evli ve bir k\u0131z \u00e7ocu\u011fu babas\u0131d\u0131r.<\/p>\t\t\t\t\t\t<\/div>\n\t\t\t\t<\/div>\n\t\t\t\t\t<\/div>\n\t\t<\/div>\n\t\t\t\t\t\t\t<\/div>\n\t\t<\/section>\n\t\t\t\t\t\t\t<\/div>\n\t\t","protected":false},"excerpt":{"rendered":"<p>HAKKIMDA 1984 \u0130stanbul do\u011fumlu olan Sel\u00e7uk SARIYAR ilk\u00f6\u011fretimi Tuzla\u2019da, liseyi Kadir Has Anadolu Lisesi\u2019nde bitirdikten sonra \u0130stanbul \u00dcniversitesi Siyasal Bilgiler Fak\u00fcltesi Kamu Y\u00f6netimi B\u00f6l\u00fcm\u00fc\u2019nden 2006 y\u0131l\u0131nda mezun olmu\u015ftur. Lisans e\u011fitimi sonras\u0131 bir d\u00f6nem \u0130ngiltere\u2019de e\u011fitim g\u00f6ren Sel\u00e7uk SARIYAR, Yeditepe \u00dcniversitesi Kamu Hukuk Y\u00fcksek Lisans Program\u0131\u2019ndan ve Okan \u00dcniversitesi \u0130\u015fletme Y\u00fcksek Lisans Program\u0131\u2019ndan mezun olmu\u015ftur. Bir\u00e7ok [&hellip;]<\/p>\n","protected":false},"author":1,"featured_media":0,"parent":0,"menu_order":0,"comment_status":"closed","ping_status":"closed","template":"full-width.php","meta":{"footnotes":""},"_links":{"self":[{"href":"https:\/\/selcuksariyar.com\/index.php\/wp-json\/wp\/v2\/pages\/31"}],"collection":[{"href":"https:\/\/selcuksariyar.com\/index.php\/wp-json\/wp\/v2\/pages"}],"about":[{"href":"https:\/\/selcuksariyar.com\/index.php\/wp-json\/wp\/v2\/types\/page"}],"author":[{"embeddable":true,"href":"https:\/\/selcuksariyar.com\/index.php\/wp-json\/wp\/v2\/users\/1"}],"replies":[{"embeddable":true,"href":"https:\/\/selcuksariyar.com\/index.php\/wp-json\/wp\/v2\/comments?post=31"}],"version-history":[{"count":23,"href":"https:\/\/selcuksariyar.com\/index.php\/wp-json\/wp\/v2\/pages\/31\/revisions"}],"predecessor-version":[{"id":963,"href":"https:\/\/selcuksariyar.com\/index.php\/wp-json\/wp\/v2\/pages\/31\/revisions\/963"}],"wp:attachment":[{"href":"https:\/\/selcuksariyar.com\/index.php\/wp-json\/wp\/v2\/media?parent=31"}],"curies":[{"name":"wp","href":"https:\/\/api.w.org\/{rel}","templated":true}]}}